{"id":6593,"date":"2026-09-01T14:16:03","date_gmt":"2026-09-01T13:16:03","guid":{"rendered":"https:\/\/www.kvg-rheine.de\/wordpress\/?post_type=tribe_events&#038;p=6593"},"modified":"2026-09-01T14:16:20","modified_gmt":"2026-09-01T13:16:20","slug":"mesumer-waldlauf","status":"publish","type":"tribe_events","link":"https:\/\/www.kvg-rheine.de\/wordpress\/terminkalender\/mesumer-waldlauf\/","title":{"rendered":"Mesumer Waldlauf"},"content":{"rendered":"<p>Der Mesumer Waldlauf findet f\u00fcr die Viertkl\u00e4ssler. Dieser wird an der Hasenh\u00f6hle in Mesum organisiert. Der Jahrgang f\u00e4hrt dort gemeinsam mit dem Bus hin und zur\u00fcck. Genauer zeitlicher Ablauf erfolgt \u00fcber die Sport-\/Klassenlehrer.<\/p>\n","protected":false},"excerpt":{"rendered":"<p>Der Mesumer Waldlauf findet f\u00fcr die Viertkl\u00e4ssler. Dieser wird an der Hasenh\u00f6hle in Mesum organisiert. Der Jahrgang f\u00e4hrt dort gemeinsam mit dem Bus hin und zur\u00fcck. Genauer zeitlicher Ablauf erfolgt <a class=\"read-more\" href=\"https:\/\/www.kvg-rheine.de\/wordpress\/terminkalender\/mesumer-waldlauf\/\">... weiterlesen <span class=\"meta-nav\">&rarr;<\/span><\/a><\/p>\n","protected":false},"author":12,"featured_media":0,"template":"","meta":{"ngg_post_thumbnail":0,"_tribe_events_status":"","_tribe_events_status_reason":"","footnotes":""},"tags":[],"tribe_events_cat":[],"class_list":["post-6593","tribe_events","type-tribe_events","status-publish","hentry"],"_links":{"self":[{"href":"https:\/\/www.kvg-rheine.de\/wordpress\/wp-json\/wp\/v2\/tribe_events\/6593","targetHints":{"allow":["GET"]}}],"collection":[{"href":"https:\/\/www.kvg-rheine.de\/wordpress\/wp-json\/wp\/v2\/tribe_events"}],"about":[{"href":"https:\/\/www.kvg-rheine.de\/wordpress\/wp-json\/wp\/v2\/types\/tribe_events"}],"author":[{"embeddable":true,"href":"https:\/\/www.kvg-rheine.de\/wordpress\/wp-json\/wp\/v2\/users\/12"}],"version-history":[{"count":1,"href":"https:\/\/www.kvg-rheine.de\/wordpress\/wp-json\/wp\/v2\/tribe_events\/6593\/revisions"}],"predecessor-version":[{"id":6594,"href":"https:\/\/www.kvg-rheine.de\/wordpress\/wp-json\/wp\/v2\/tribe_events\/6593\/revisions\/6594"}],"wp:attachment":[{"href":"https:\/\/www.kvg-rheine.de\/wordpress\/wp-json\/wp\/v2\/media?parent=6593"}],"wp:term":[{"taxonomy":"post_tag","embeddable":true,"href":"https:\/\/www.kvg-rheine.de\/wordpress\/wp-json\/wp\/v2\/tags?post=6593"},{"taxonomy":"tribe_events_cat","embeddable":true,"href":"https:\/\/www.kvg-rheine.de\/wordpress\/wp-json\/wp\/v2\/tribe_events_cat?post=6593"}],"curies":[{"name":"wp","href":"https:\/\/api.w.org\/{rel}","templated":true}]}}