{"id":88,"date":"2015-01-19T17:29:32","date_gmt":"2015-01-19T16:29:32","guid":{"rendered":"http:\/\/kvg-rheine.de\/wordpress\/?page_id=88"},"modified":"2025-09-19T11:47:01","modified_gmt":"2025-09-19T10:47:01","slug":"betreuung","status":"publish","type":"page","link":"https:\/\/www.kvg-rheine.de\/wordpress\/betreuung\/","title":{"rendered":"Betreuung &#038; OGS"},"content":{"rendered":"<p>Seit 1997 bietet unsere Schule eine <strong><span style=\"color: #99cc00;\">\u00dcbermittag-Betreuung (\u00dcMi)<\/span><\/strong> an. Bei Bedarf k\u00f6nnen Eltern ihre Kinder hier t\u00e4glich bis 14.00 Uhr verl\u00e4sslich betreuen lassen. Seit diesem Schuljahr bieten wir auch den <strong><span style=\"color: #99cc00;\">offenen Ganztag (OGS) <\/span><\/strong>\u00a0an. Hier haben die Eltern die M\u00f6glichkeit, ihre Kinder bis 16:30 Uhr betreuuen zu lassen:<\/p>\n<p><span style=\"color: #99cc00;\"><strong>\u00dcMi:<\/strong> <\/span>11:30-14:00 Uhr.<\/p>\n<p><span style=\"color: #99cc00;\"><strong>OGS<\/strong>:<\/span> 11:30-16:30 Uhr.<\/p>\n<p>Hierbei besteht die M\u00f6glichkeit, die Kinder um <strong><span style=\"color: #99cc00;\">15:00, 15:30, 16:00<\/span> <span style=\"color: #99cc00;\">oder 16:30<\/span><\/strong> Uhr abzuholen oder sie nach Hause gehen zu lassen.\u00a0 F\u00fcr die Kinder in der OGS gibt es ein kostenpflichtiges <strong style=\"font-size: 1rem;\"><span style=\"color: #99cc00;\">warmes Mittagessen.<\/span><\/strong><\/p>\n<div class=\"mceTemp\"><\/div>\n<p>Das Angebot ist kostenpflichtig und wird von <strong><span style=\"color: #99cc00;\">dem JFD <\/span><\/strong>\u00a0organisiert. Im Schuljahr 2025\/26 besuchen<strong><span style=\"color: #99cc00;\"> 125 Kinder <\/span><\/strong>der Jahrg\u00e4nge eins bis vier die Betreuung und <strong style=\"font-size: 1rem;\"><span style=\"color: #99cc00;\">27 Kinder\u00a0<\/span><\/strong><span style=\"font-size: 1rem;\">die OGS.\u00a0<\/span><\/p>\n<p>Seit Mai 2017 befinden sich<strong><span style=\"color: #99cc00;\"> zwei Betreuungsgruppen<\/span>\u00a0<\/strong>im<strong><span style=\"color: #99cc00;\"> Pavillon<\/span><\/strong> und zwei weitere im <span style=\"color: #99cc00;\"><strong>Schulgeb\u00e4ude<\/strong><\/span>. Die OGS findet zur Zeit im\u00a0<strong style=\"font-size: 1rem;\"><span style=\"color: #99cc00;\">Keller<\/span><\/strong><span style=\"font-size: 1rem;\">\u00a0statt.\u00a0<\/span><\/p>\n<p>Betreut werden die Kinder von folgenden <strong><span style=\"color: #99cc00;\">Erzieherinnen<\/span><\/strong> beziehungsweise <strong><span style=\"color: #99cc00;\">Sozialp\u00e4dagoginnen<\/span><\/strong>:<\/p>\n<table style=\"height: 249px;\" width=\"428\">\n<tbody>\n<tr>\n<td width=\"73\"><strong>Gruppe<\/strong><\/td>\n<td width=\"113\"><strong>Klasse(n)<\/strong><\/td>\n<td width=\"274\"><strong>Namen<\/strong><\/td>\n<\/tr>\n<tr>\n<td width=\"73\">1<\/td>\n<td width=\"113\">1a, 1b<\/td>\n<td width=\"274\"><span style=\"color: #99cc00;\"><span style=\"color: #99cc00;\">Frau Gada Hammudeh<\/span><\/span><span style=\"color: #99cc00;\"><br \/>\nFrau Natascha Matz\u00a0<\/span><\/td>\n<\/tr>\n<tr>\n<td width=\"73\">2<\/td>\n<td width=\"113\">2a, 2b<\/p>\n<p>(Pavillon)<\/td>\n<td width=\"274\"><span style=\"color: #99cc00;\">Frau Ulla Ross<br \/>\nFrau Nancy Ross<\/span><\/td>\n<\/tr>\n<tr>\n<td width=\"73\">3<\/td>\n<td width=\"113\">3a, 3b<\/p>\n<p>(Pavillon)<\/td>\n<td width=\"274\"><span style=\"color: #99cc00;\">Frau Claudia Niemann<br \/>\n<\/span><span style=\"color: #99cc00;\">Frau Iryna Podolko<br \/>\n<\/span><span style=\"color: #99cc00;\">Frau Doreen Kaufmann<\/span><\/td>\n<\/tr>\n<tr>\n<td width=\"73\">4<\/td>\n<td width=\"113\">4a, 4b<\/td>\n<td width=\"274\"><span style=\"color: #99cc00;\">Frau Dina Hofmann<\/span><br \/>\n<span style=\"color: #99cc00;\">Frau Anush Miryan<\/span><\/td>\n<\/tr>\n<\/tbody>\n<\/table>\n<p>Die OGS wird betreut von <strong><span style=\"color: #99cc00;\">Sandra Niemann, G\u00fclseren Schmidt<\/span><\/strong> &amp; <strong><span style=\"color: #99cc00;\">Pia Lindemann<\/span><\/strong> (OGS Leitung) mit Unterst\u00fctzung von Anush M. &amp; Ulla R.<\/p>\n<figure id=\"attachment_5792\" aria-describedby=\"caption-attachment-5792\" style=\"width: 300px\" class=\"wp-caption alignright\"><a href=\"https:\/\/www.kvg-rheine.de\/wordpress\/wp-content\/uploads\/2025\/09\/IMG_1245-1-scaled.jpg\"><img loading=\"lazy\" decoding=\"async\" class=\"size-medium wp-image-5792\" src=\"https:\/\/www.kvg-rheine.de\/wordpress\/wp-content\/uploads\/2025\/09\/IMG_1245-1-300x225.jpg\" alt=\"\" width=\"300\" height=\"225\" srcset=\"https:\/\/www.kvg-rheine.de\/wordpress\/wp-content\/uploads\/2025\/09\/IMG_1245-1-300x225.jpg 300w, https:\/\/www.kvg-rheine.de\/wordpress\/wp-content\/uploads\/2025\/09\/IMG_1245-1-1024x768.jpg 1024w, https:\/\/www.kvg-rheine.de\/wordpress\/wp-content\/uploads\/2025\/09\/IMG_1245-1-768x576.jpg 768w, https:\/\/www.kvg-rheine.de\/wordpress\/wp-content\/uploads\/2025\/09\/IMG_1245-1-1536x1152.jpg 1536w, https:\/\/www.kvg-rheine.de\/wordpress\/wp-content\/uploads\/2025\/09\/IMG_1245-1-2048x1536.jpg 2048w, https:\/\/www.kvg-rheine.de\/wordpress\/wp-content\/uploads\/2025\/09\/IMG_1245-1-960x720.jpg 960w\" sizes=\"auto, (max-width: 300px) 100vw, 300px\" \/><\/a><figcaption id=\"caption-attachment-5792\" class=\"wp-caption-text\">v. Reihe v. links: Anush M., Claudia N., Pia L., Nancy R.<br \/>mittlere Reihe: Dina H., G\u00fclseren S., Iryna P., Ulla R.<br \/>h. Reihe: Gada H., Natascha M., Sandra N., Doreen K.<\/figcaption><\/figure>\n<p>Die Betreuung &amp; die OGS sollen ein<strong><span style=\"color: #99cc00;\"> Ort der Gemeinschaft des Wohlf\u00fchlens<\/span><\/strong> sein. Nach Unterrichtsschluss haben die Kinder hier die M\u00f6glichkeit alters- und interessenentsprechende <strong><span style=\"color: #99cc00;\">Besch\u00e4ftigungsangebote<\/span><\/strong> wahrzunehmen. Dabei werden vielf\u00e4ltige Erfahrungen gemacht und Kompetenzen, wie das<span style=\"color: #99cc00;\"><strong> soziale Miteinander<\/strong><\/span> entwickelt. Unser Ziel ist es dabei die Kinder unterst\u00fctzend und begleitend zum <span style=\"color: #99cc00;\"><strong>selbstbestimmten und selbstst\u00e4ndigen Handeln<\/strong><\/span> anzuregen.<\/p>\n<p>Neben den Aktivit\u00e4ten im Gruppenraum bietet das weitl\u00e4ufige Au\u00dfengel\u00e4nde vielf\u00e4ltige M\u00f6glichkeiten f\u00fcr Bewegungsspiele an. Dar\u00fcber hinaus findet jeden Dienstag f\u00fcr die \u00dcMi und jeden Freitag f\u00fcr die OGS ein <strong><span style=\"color: #99cc00;\">Sportangebot des ETuS Rheine<\/span> <\/strong>unter der Leitung von <strong><span style=\"color: #99cc00;\">Frau Andrea Stienemann<\/span><\/strong> in unserer Turnhalle statt.<\/p>\n","protected":false},"excerpt":{"rendered":"<p>Seit 1997 bietet unsere Schule eine \u00dcbermittag-Betreuung (\u00dcMi) an. Bei Bedarf k\u00f6nnen Eltern ihre Kinder hier t\u00e4glich bis 14.00 Uhr verl\u00e4sslich betreuen lassen. Seit diesem Schuljahr bieten wir auch den <a class=\"read-more\" href=\"https:\/\/www.kvg-rheine.de\/wordpress\/betreuung\/\">... weiterlesen <span class=\"meta-nav\">&rarr;<\/span><\/a><\/p>\n","protected":false},"author":1,"featured_media":0,"parent":0,"menu_order":0,"comment_status":"closed","ping_status":"closed","template":"","meta":{"ngg_post_thumbnail":0,"footnotes":""},"class_list":["post-88","page","type-page","status-publish","hentry"],"_links":{"self":[{"href":"https:\/\/www.kvg-rheine.de\/wordpress\/wp-json\/wp\/v2\/pages\/88","targetHints":{"allow":["GET"]}}],"collection":[{"href":"https:\/\/www.kvg-rheine.de\/wordpress\/wp-json\/wp\/v2\/pages"}],"about":[{"href":"https:\/\/www.kvg-rheine.de\/wordpress\/wp-json\/wp\/v2\/types\/page"}],"author":[{"embeddable":true,"href":"https:\/\/www.kvg-rheine.de\/wordpress\/wp-json\/wp\/v2\/users\/1"}],"replies":[{"embeddable":true,"href":"https:\/\/www.kvg-rheine.de\/wordpress\/wp-json\/wp\/v2\/comments?post=88"}],"version-history":[{"count":42,"href":"https:\/\/www.kvg-rheine.de\/wordpress\/wp-json\/wp\/v2\/pages\/88\/revisions"}],"predecessor-version":[{"id":5777,"href":"https:\/\/www.kvg-rheine.de\/wordpress\/wp-json\/wp\/v2\/pages\/88\/revisions\/5777"}],"wp:attachment":[{"href":"https:\/\/www.kvg-rheine.de\/wordpress\/wp-json\/wp\/v2\/media?parent=88"}],"curies":[{"name":"wp","href":"https:\/\/api.w.org\/{rel}","templated":true}]}}